{"id":1556,"date":"2026-01-08T14:39:18","date_gmt":"2026-01-08T17:39:18","guid":{"rendered":"https:\/\/loboelira.com.br\/lgpd\/"},"modified":"2026-05-02T12:40:10","modified_gmt":"2026-05-02T15:40:10","slug":"lgpd","status":"publish","type":"page","link":"https:\/\/loboelira.com.br\/en\/lgpd\/","title":{"rendered":"LGPD"},"content":{"rendered":"\t\t<div data-elementor-type=\"wp-page\" data-elementor-id=\"1556\" class=\"elementor elementor-1556 elementor-456\" data-elementor-post-type=\"page\">\n\t\t\t\t<div class=\"elementor-element elementor-element-24eefbbd e-con-full e-flex e-con e-parent\" data-id=\"24eefbbd\" data-element_type=\"container\" data-e-type=\"container\">\n\t\t\t\t<div class=\"elementor-element elementor-element-5684e26d elementor--h-position-center elementor--v-position-middle elementor-arrows-position-inside elementor-pagination-position-inside elementor-widget elementor-widget-slides\" data-id=\"5684e26d\" data-element_type=\"widget\" data-e-type=\"widget\" data-settings=\"{&quot;navigation&quot;:&quot;both&quot;,&quot;autoplay&quot;:&quot;yes&quot;,&quot;pause_on_hover&quot;:&quot;yes&quot;,&quot;pause_on_interaction&quot;:&quot;yes&quot;,&quot;autoplay_speed&quot;:5000,&quot;infinite&quot;:&quot;yes&quot;,&quot;transition&quot;:&quot;slide&quot;,&quot;transition_speed&quot;:500}\" data-widget_type=\"slides.default\">\n\t\t\t\t\t\t\t\t\t\t<div class=\"elementor-slides-wrapper elementor-main-swiper swiper\" role=\"region\" aria-roledescription=\"carousel\" aria-label=\"Slides\" dir=\"ltr\" data-animation=\"fadeInUp\">\n\t\t\t\t<div class=\"swiper-wrapper elementor-slides\">\n\t\t\t\t\t\t\t\t\t\t<div class=\"elementor-repeater-item-401ae12 swiper-slide\" role=\"group\" aria-roledescription=\"slide\"><div class=\"swiper-slide-bg\" role=\"img\" aria-label=\"contato\"><\/div><div class=\"swiper-slide-inner\" ><div class=\"swiper-slide-contents\"><\/div><\/div><\/div>\t\t\t\t<\/div>\n\t\t\t\t\t\t\t<\/div>\n\t\t\t\t\t\t\t\t<\/div>\n\t\t\t\t<\/div>\n\t\t<div class=\"elementor-element elementor-element-7f00332b e-flex e-con-boxed e-con e-parent\" data-id=\"7f00332b\" data-element_type=\"container\" data-e-type=\"container\">\n\t\t\t\t\t<div class=\"e-con-inner\">\n\t\t<div class=\"elementor-element elementor-element-3dada32a e-con-full e-flex e-con e-child\" data-id=\"3dada32a\" data-element_type=\"container\" data-e-type=\"container\" data-settings=\"{&quot;background_background&quot;:&quot;classic&quot;}\">\n\t\t\t\t<div class=\"elementor-element elementor-element-39601df1 elementor-widget elementor-widget-heading\" data-id=\"39601df1\" data-element_type=\"widget\" data-e-type=\"widget\" data-widget_type=\"heading.default\">\n\t\t\t\t\t<h2 class=\"elementor-heading-title elementor-size-default\">CONTACT<\/h2>\t\t\t\t<\/div>\n\t\t\t\t<div class=\"elementor-element elementor-element-3d432bb2 elementor-widget-divider--view-line elementor-widget elementor-widget-divider\" data-id=\"3d432bb2\" data-element_type=\"widget\" data-e-type=\"widget\" data-widget_type=\"divider.default\">\n\t\t\t\t\t\t\t<div class=\"elementor-divider\">\n\t\t\t<span class=\"elementor-divider-separator\">\n\t\t\t\t\t\t<\/span>\n\t\t<\/div>\n\t\t\t\t\t\t<\/div>\n\t\t\t\t<\/div>\n\t\t\t\t\t<\/div>\n\t\t\t\t<\/div>\n\t\t<div class=\"elementor-element elementor-element-ddcbb10 e-flex e-con-boxed e-con e-parent\" data-id=\"ddcbb10\" data-element_type=\"container\" data-e-type=\"container\">\n\t\t\t\t\t<div class=\"e-con-inner\">\n\t\t<div class=\"elementor-element elementor-element-ba12a57 e-con-full e-flex e-con e-child\" data-id=\"ba12a57\" data-element_type=\"container\" data-e-type=\"container\">\n\t\t\t\t<div class=\"elementor-element elementor-element-276cedb9 elementor-icon-list--layout-traditional elementor-list-item-link-full_width elementor-widget elementor-widget-icon-list\" data-id=\"276cedb9\" data-element_type=\"widget\" data-e-type=\"widget\" data-widget_type=\"icon-list.default\">\n\t\t\t\t\t\t\t<ul class=\"elementor-icon-list-items\">\n\t\t\t\t\t\t\t<li class=\"elementor-icon-list-item\">\n\t\t\t\t\t\t\t\t\t\t\t<a href=\"https:\/\/loboelira.com.br\/contato\/\">\n\n\t\t\t\t\t\t\t\t\t\t\t<span class=\"elementor-icon-list-text\">Contact Us<\/span>\n\t\t\t\t\t\t\t\t\t\t\t<\/a>\n\t\t\t\t\t\t\t\t\t<\/li>\n\t\t\t\t\t\t\t\t<li class=\"elementor-icon-list-item\">\n\t\t\t\t\t\t\t\t\t\t\t<a href=\"https:\/\/loboelira.com.br\/denuncias\/\">\n\n\t\t\t\t\t\t\t\t\t\t\t<span class=\"elementor-icon-list-text\">Reporting Channel<\/span>\n\t\t\t\t\t\t\t\t\t\t\t<\/a>\n\t\t\t\t\t\t\t\t\t<\/li>\n\t\t\t\t\t\t\t\t<li class=\"elementor-icon-list-item\">\n\t\t\t\t\t\t\t\t\t\t\t<a href=\"https:\/\/loboelira.com.br\/curriculo\/\">\n\n\t\t\t\t\t\t\t\t\t\t\t<span class=\"elementor-icon-list-text\">Send your r\u00e9sum\u00e9<\/span>\n\t\t\t\t\t\t\t\t\t\t\t<\/a>\n\t\t\t\t\t\t\t\t\t<\/li>\n\t\t\t\t\t\t\t\t<li class=\"elementor-icon-list-item\">\n\t\t\t\t\t\t\t\t\t\t\t<a href=\"https:\/\/loboelira.com.br\/lgpd\/\">\n\n\t\t\t\t\t\t\t\t\t\t\t<span class=\"elementor-icon-list-text\">LGPD<\/span>\n\t\t\t\t\t\t\t\t\t\t\t<\/a>\n\t\t\t\t\t\t\t\t\t<\/li>\n\t\t\t\t\t\t\t\t<li class=\"elementor-icon-list-item\">\n\t\t\t\t\t\t\t\t\t\t\t<a href=\"http:\/\/linkedin.com\/company\/loboelira?originalSubdomain=pt\">\n\n\t\t\t\t\t\t\t\t\t\t\t<span class=\"elementor-icon-list-text\">LINKEDIN<\/span>\n\t\t\t\t\t\t\t\t\t\t\t<\/a>\n\t\t\t\t\t\t\t\t\t<\/li>\n\t\t\t\t\t\t<\/ul>\n\t\t\t\t\t\t<\/div>\n\t\t\t\t<\/div>\n\t\t<div class=\"elementor-element elementor-element-474ac64 e-con-full e-flex e-con e-child\" data-id=\"474ac64\" data-element_type=\"container\" data-e-type=\"container\">\n\t\t\t\t<div class=\"elementor-element elementor-element-faf3311 elementor-widget elementor-widget-n-accordion\" data-id=\"faf3311\" data-element_type=\"widget\" data-e-type=\"widget\" data-settings=\"{&quot;default_state&quot;:&quot;all_collapsed&quot;,&quot;max_items_expended&quot;:&quot;one&quot;,&quot;n_accordion_animation_duration&quot;:{&quot;unit&quot;:&quot;ms&quot;,&quot;size&quot;:400,&quot;sizes&quot;:[]}}\" data-widget_type=\"nested-accordion.default\">\n\t\t\t\t\t\t\t<div class=\"e-n-accordion\" aria-label=\"Accordion. Open links with Enter or Space, close with Escape, and navigate with Arrow Keys\">\n\t\t\t\t\t\t<details id=\"e-n-accordion-item-2630\" class=\"e-n-accordion-item\" >\n\t\t\t\t<summary class=\"e-n-accordion-item-title\" data-accordion-index=\"1\" tabindex=\"0\" aria-expanded=\"false\" aria-controls=\"e-n-accordion-item-2630\" >\n\t\t\t\t\t<span class='e-n-accordion-item-title-header'><div class=\"e-n-accordion-item-title-text\"> AVISO DE PRIVACIDADE <\/div><\/span>\n\t\t\t\t\t\t\t<span class='e-n-accordion-item-title-icon'>\n\t\t\t<span class='e-opened' ><svg aria-hidden=\"true\" class=\"e-font-icon-svg e-fas-minus\" viewBox=\"0 0 448 512\" xmlns=\"http:\/\/www.w3.org\/2000\/svg\"><path d=\"M416 208H32c-17.67 0-32 14.33-32 32v32c0 17.67 14.33 32 32 32h384c17.67 0 32-14.33 32-32v-32c0-17.67-14.33-32-32-32z\"><\/path><\/svg><\/span>\n\t\t\t<span class='e-closed'><svg aria-hidden=\"true\" class=\"e-font-icon-svg e-fas-plus\" viewBox=\"0 0 448 512\" xmlns=\"http:\/\/www.w3.org\/2000\/svg\"><path d=\"M416 208H272V64c0-17.67-14.33-32-32-32h-32c-17.67 0-32 14.33-32 32v144H32c-17.67 0-32 14.33-32 32v32c0 17.67 14.33 32 32 32h144v144c0 17.67 14.33 32 32 32h32c17.67 0 32-14.33 32-32V304h144c17.67 0 32-14.33 32-32v-32c0-17.67-14.33-32-32-32z\"><\/path><\/svg><\/span>\n\t\t<\/span>\n\n\t\t\t\t\t\t<\/summary>\n\t\t\t\t<div role=\"region\" aria-labelledby=\"e-n-accordion-item-2630\" class=\"elementor-element elementor-element-4e1e5f4 e-con-full e-flex e-con e-child\" data-id=\"4e1e5f4\" data-element_type=\"container\" data-e-type=\"container\">\n\t\t\t\t<div class=\"elementor-element elementor-element-dca0b0c elementor-widget elementor-widget-text-editor\" data-id=\"dca0b0c\" data-element_type=\"widget\" data-e-type=\"widget\" data-widget_type=\"text-editor.default\">\n\t\t\t\t\t\t\t\t\t<table width=\"566\" cellspacing=\"0\" cellpadding=\"7\"><tbody><tr><td valign=\"top\" width=\"550\"><span style=\"color: #000000;\"><span style=\"font-size: medium;\"><b>1. INFORMA\u00c7\u00d5ES GERAIS<\/b><\/span><\/span><\/td><\/tr><\/tbody><\/table><p align=\"justify\"><span style=\"color: #000000;\"><span style=\"font-size: medium;\">O escrit\u00f3rio LOBO E LIRA ADVOGADOS tem o compromisso de respeitar e resguardar a privacidade e os dados pessoais daqueles com que se relaciona, observando os termos da Lei n\u00ba 13.709\/2018 &#8211; Lei Geral de Prote\u00e7\u00e3o de Dados Pessoais \u2013 LGPD, e demais normas aplic\u00e1veis, sempre sem preju\u00edzo da observ\u00e2ncia do dever de confidencialidade inerente \u00e0 profiss\u00e3o da advocacia, do C\u00f3digo de \u00c9tica da OAB e do Estatuto da Advocacia.<\/span><\/span><\/p><p align=\"justify\">LOBO E LIRA ADVOGADOS esclarece que coleta e utiliza alguns dados pessoais para a presta\u00e7\u00e3o dos seus servi\u00e7os, inclusive atrav\u00e9s do seu website (<u><a href=\"https:\/\/www.loboelira.com.br\/\">https:\/\/www.loboelira.com.br\/<\/a><\/u>) e este Aviso de Privacidade tem o objetivo de informar como acontece o tratamento desses dados pessoais.<\/p><p align=\"justify\"><span style=\"color: #000000;\"><span style=\"font-size: medium;\"><b>Caso voc\u00ea n\u00e3o concorde com o conte\u00fado do presente Aviso de Privacidade, recomenda-se que a navega\u00e7\u00e3o neste website seja interrompida, e que da mesma forma n\u00e3o seja feito o download dos materiais dispon\u00edveis e\/ou utiliza\u00e7\u00e3o dos servi\u00e7os dispon\u00edveis no escrit\u00f3rio.<\/b><\/span><\/span><\/p><p align=\"justify\"><span style=\"color: #000000;\"><span style=\"font-size: medium;\">Leia com aten\u00e7\u00e3o este Aviso de Privacidade, ressaltando que \u00e9 importante que seja lido em conjunto com outros documentos<\/span><\/span><span style=\"font-size: medium;\">. Caso tenha alguma d\u00favida sobre este conte\u00fado, entre em contato diretamente com o nosso Encarregado de Dados &#8211; DPO, o escrit\u00f3rio TERRA ROCHA ADVOGADOS, pelo e-mail: <\/span><span style=\"color: #0563c1;\"><u><a href=\"mailto:dpo.loboelira@tsradvogados.adv.br\">dpo.loboelira@tsradvogados.adv.br<\/a><\/u><\/span><\/p><table width=\"566\" cellspacing=\"0\" cellpadding=\"7\"><colgroup> <col width=\"550\"><\/colgroup><tbody><tr><td valign=\"top\" width=\"550\"><span style=\"color: #000000;\"><span style=\"font-size: medium;\"><b>2. DEFINI\u00c7\u00d5ES IMPORTANTES DA LGPD<\/b><\/span><\/span><\/td><\/tr><\/tbody><\/table><p align=\"justify\"><span style=\"color: #000000;\"><span style=\"font-size: medium;\">A Lei n\u00ba 13.709\/2018 \u2013 Lei Geral de Prote\u00e7\u00e3o de Dados Pessoais\u2013 \u201cLGPD\u201d tem como objetivo proteger os dados pessoais de uma pessoa natural que esteja no Brasil, tamb\u00e9m conhecida como titular de dados pessoais.<\/span><\/span><\/p><p align=\"justify\"><span style=\"font-size: medium;\">A lei traz alguns conceitos novos, dentre eles duas categorias de dados pessoais: \u201cdado pessoal\u201d e \u201cdado pessoal sens\u00edvel\u201d. Para facilitar o seu entendimento, leia a tabela abaixo com as principais defini\u00e7\u00f5es: <\/span><\/p><table width=\"566\" cellspacing=\"0\" cellpadding=\"7\"><colgroup> <col width=\"268\"> <col width=\"268\"><\/colgroup><tbody><tr><td width=\"268\"><p align=\"center\">Dado Pessoal<\/p><\/td><td width=\"268\"><p align=\"justify\">Qualquer dado que identifique ou torne identific\u00e1vel uma pessoa natural.<\/p><\/td><\/tr><tr><td width=\"268\"><p align=\"center\">Dado Pessoal Sens\u00edvel<\/p><\/td><td width=\"268\"><p align=\"justify\">Aquele que, por sua natureza, diz respeito \u00e0s informa\u00e7\u00f5es que merecem um cuidado maior, principalmente para prote\u00e7\u00e3o contra discrimina\u00e7\u00f5es, tais como, origem racial ou \u00e9tnica, convic\u00e7\u00e3o religiosa, opini\u00e3o pol\u00edtica, filia\u00e7\u00e3o a sindicato ou a organiza\u00e7\u00e3o de car\u00e1ter religioso, filos\u00f3fico ou pol\u00edtico, dado referente \u00e0 sa\u00fade ou \u00e0 vida sexual, dado gen\u00e9tico ou biom\u00e9trico, quando vinculado a uma pessoa natural.<\/p><\/td><\/tr><tr><td width=\"268\"><p align=\"center\">Titular dos Dados<\/p><\/td><td width=\"268\"><p align=\"justify\">Pessoa natural a quem os dados pessoais se referem.<\/p><\/td><\/tr><tr><td width=\"268\"><p align=\"center\">Controlador<\/p><\/td><td width=\"268\"><p align=\"justify\">Pessoa natural ou jur\u00eddica a quem compete decidir sobre o tratamento de dados pessoais em seu poder.<\/p><\/td><\/tr><tr><td width=\"268\"><p align=\"center\">Operador<\/p><\/td><td width=\"268\"><p align=\"justify\">Pessoa natural ou jur\u00eddica que realiza o tratamento de dados pessoais em nome e de acordo com as orienta\u00e7\u00f5es do controlador.<\/p><\/td><\/tr><tr><td width=\"268\"><p align=\"center\">Suboperador<\/p><\/td><td width=\"268\"><p align=\"justify\">Qualquer pessoa que auxilia o operador a realizar o tratamento de dados pessoais em nome do controlador.<\/p><\/td><\/tr><tr><td width=\"268\"><p align=\"center\">Tratamento<\/p><\/td><td width=\"268\"><p align=\"justify\">Todas as atividades que o LOBO E LIRA ADVOGADOS<span style=\"color: #ff0000;\"> <\/span>exerce em rela\u00e7\u00e3o aos dados pessoais, incluindo, mas n\u00e3o se limitando \u00e0s seguintes: coleta, armazenamento, uso e compartilhamento.<\/p><\/td><\/tr><tr><td width=\"268\"><p align=\"center\">Bases Legais<\/p><\/td><td valign=\"top\" width=\"268\"><p align=\"justify\">Hip\u00f3teses legais que autorizam o LOBO E LIRA ADVOGADOS<span style=\"color: #ff0000;\"> <\/span>a tratar os dados pessoais, podendo ser o seu consentimento, cumprimento de uma obriga\u00e7\u00e3o legal ou regulat\u00f3ria, execu\u00e7\u00e3o de contrato, por exemplo.<\/p><\/td><\/tr><\/tbody><\/table><table width=\"566\" cellspacing=\"0\" cellpadding=\"7\"><colgroup> <col width=\"550\"><\/colgroup><tbody><tr><td valign=\"top\" width=\"550\"><span style=\"color: #000000;\"><span style=\"font-size: medium;\"><b>3. COLETA E TRATAMENTO DE DADOS PESSOAIS<\/b><\/span><\/span><\/td><\/tr><\/tbody><\/table><p align=\"justify\"><a name=\"_Hlk111044273\"><\/a><span style=\"font-size: medium;\">Tratamento de dados pessoais diz respeito a toda opera\u00e7\u00e3o realizada com os dados pessoais como as que se referem a coleta, produ\u00e7\u00e3o, recep\u00e7\u00e3o, classifica\u00e7\u00e3o, utiliza\u00e7\u00e3o, acesso, reprodu\u00e7\u00e3o, transmiss\u00e3o, distribui\u00e7\u00e3o, processamento, arquivamento, armazenamento, elimina\u00e7\u00e3o, avalia\u00e7\u00e3o ou controle da informa\u00e7\u00e3o, modifica\u00e7\u00e3o, comunica\u00e7\u00e3o, transfer\u00eancia, difus\u00e3o ou extra\u00e7\u00e3o, nos termos do inciso X do artigo 5\u00ba da LGPD.<\/span><\/p><p align=\"justify\"><span style=\"font-size: medium;\">Alguns dados pessoais podem ser coletados ao utilizar o nosso website atrav\u00e9s, por exemplo, atrav\u00e9s da aba \u201cContato\u201d.<\/span><\/p><p align=\"justify\"><a name=\"_Hlk111044345\"><\/a><span style=\"font-size: medium;\">Para realizar o tratamento dos dados pessoais aqui mencionados, nos responsabilizamos em faz\u00ea-lo apenas com a autoriza\u00e7\u00e3o de uma das bases legais dispostas na LGPD para estar de acordo com a finalidade prevista neste Aviso.<\/span><\/p><p><span style=\"color: #000000;\"> <\/span><\/p><table width=\"567\" cellspacing=\"0\" cellpadding=\"7\"><colgroup> <col width=\"551\"><\/colgroup><tbody><tr><td valign=\"top\" width=\"551\"><span style=\"color: #000000;\"><span style=\"font-size: medium;\"><b>4. FINALIDADES PARA A COLETA E TRATAMENTO DOS DADOS PESSOAIS<\/b><\/span><\/span><\/td><\/tr><\/tbody><\/table><p align=\"justify\"><span style=\"font-size: medium;\">O LOBO E LIRA ADVOGADOS, em conformidade com a LGPD s\u00f3 coleta dados pessoais com uma finalidade espec\u00edfica, evitando, assim, a coleta para fins gen\u00e9ricos.<\/span><\/p><p align=\"justify\"><span style=\"font-size: medium;\">Podemos coletar alguns dados pessoais seus de acordo com a forma como voc\u00ea se relaciona em nosso website ou atrav\u00e9s do nosso atendimento presencial em um dos nossos endere\u00e7os f\u00edsicos, como, por exemplo:<\/span><\/p><table width=\"566\" cellspacing=\"0\" cellpadding=\"7\"><colgroup> <col width=\"268\"> <col width=\"268\"><\/colgroup><tbody><tr valign=\"top\"><td width=\"268\"><p align=\"center\"><span style=\"font-size: medium;\"><b>Dados Coletados<\/b><\/span><\/p><\/td><td width=\"268\"><p align=\"center\"><span style=\"font-size: medium;\"><b>Finalidades<\/b><\/span><\/p><\/td><\/tr><tr valign=\"top\"><td width=\"268\"><p align=\"justify\"><span style=\"font-size: medium;\">Dados pessoais fornecidos no seu curr\u00edculo, como, por exemplo, nome, e-mail, endere\u00e7o, telefone, hist\u00f3rico acad\u00eamico.<\/span><\/p><\/td><td width=\"268\"><p align=\"justify\"><span style=\"font-size: medium;\">&#8211; Recebimento de curr\u00edculo para o escrit\u00f3rio;<\/span><\/p><p align=\"justify\"><span style=\"font-size: medium;\">&#8211; Entrar em contato com o candidato \u00e0 vaga.<\/span><\/p><\/td><\/tr><tr valign=\"top\"><td width=\"268\"><p align=\"justify\"><span style=\"font-size: medium;\">Imagens em v\u00eddeos capturadas em CFTV.<\/span><\/p><\/td><td width=\"268\"><p align=\"justify\"><span style=\"font-size: medium;\">&#8211; Monitorar os nossos ambientes f\u00edsicos, para dar maior seguran\u00e7a aos nossos colaboradores e clientes.<\/span><\/p><\/td><\/tr><tr valign=\"top\"><td width=\"268\"><p align=\"justify\"><span style=\"font-size: medium;\">Nome e e-mail.<\/span><\/p><\/td><td width=\"268\"><p align=\"justify\"><span style=\"font-size: medium;\">&#8211; Entrar em contato com o escrit\u00f3rio atrav\u00e9s no nosso website.<\/span><\/p><\/td><\/tr><tr valign=\"top\"><td width=\"268\"><p align=\"justify\"><span style=\"font-size: medium;\">Nome completo, nacionalidade, estado civil, profiss\u00e3o, endere\u00e7o, identidade, CPF, e-mail.<\/span><\/p><\/td><td width=\"268\"><p align=\"justify\"><span style=\"font-size: medium;\">&#8211; Inserir, na qualifica\u00e7\u00e3o do cliente, nos documentos elaborados e\/ou revisados pelo escrit\u00f3rio, ou ainda, em negocia\u00e7\u00f5es contratuais;<\/span><\/p><p align=\"justify\"><span style=\"font-size: medium;\">&#8211; Para a condu\u00e7\u00e3o de processos administrativos ou judiciais;<\/span><\/p><p align=\"justify\"><span style=\"font-size: medium;\">&#8211; Para a realiza\u00e7\u00e3o de dilig\u00eancias legais.<\/span><\/p><\/td><\/tr><\/tbody><\/table><p align=\"justify\"><span style=\"font-size: medium;\">Importante ressaltar que por se tratar de escrit\u00f3rio de advocacia, no momento do atendimento ou no decorrer do processo ou outro servi\u00e7o que esteja sendo prestado pelo escrit\u00f3rio, podem ser solicitados dados pessoais diversos a fim de alcan\u00e7ar o objetivo pretendido na demanda em quest\u00e3o.<\/span><\/p><table width=\"567\" cellspacing=\"0\" cellpadding=\"7\"><colgroup> <col width=\"551\"><\/colgroup><tbody><tr><td valign=\"top\" width=\"551\"><span style=\"color: #000000;\"><span style=\"font-size: medium;\"><b>5. COMPARTILHAMENTO DOS DADOS PESSOAIS<\/b><\/span><\/span><\/td><\/tr><\/tbody><\/table><p align=\"justify\"><span style=\"font-size: medium;\">Certos conte\u00fados do website do LOBO E LIRA ADVOGADOS podem apresentar links de p\u00e1ginas de terceiros. LOBO E LIRA ADVOGADOS n\u00e3o \u00e9 respons\u00e1vel pelo tratamento de dados pessoais realizado por tais websites, de modo que, para compreens\u00e3o do tratamento conferido aos dados pessoais por tais terceiros, \u00e9 necess\u00e1rio verificar suas respectivas pol\u00edticas de privacidade. <\/span><\/p><p><span style=\"font-size: medium;\">O escrit\u00f3rio compartilhar\u00e1 os seus dados pessoais \u00fanica e exclusivamente nas seguintes hip\u00f3teses e condi\u00e7\u00f5es e sempre sem infra\u00e7\u00e3o ao dever de sigilo, relativamente a toda e qualquer informa\u00e7\u00e3o confidencial que nos seja confiada:<\/span><\/p><ul><li><p align=\"justify\"><span style=\"font-size: medium;\">Entre a sede e filial do LOBO E LIRA ADVOGADOS;<\/span><\/p><\/li><li><p align=\"justify\"><span style=\"color: #000000;\"><span style=\"font-size: medium;\">Provedores de softwares e outras tecnologias da informa\u00e7\u00e3o para fins de gest\u00e3o do seu relacionamento com nosso escrit\u00f3rio, cadastro e armazenamento de documenta\u00e7\u00e3o e demais provid\u00eancias;<\/span><\/span><\/p><\/li><li><p align=\"justify\"><span style=\"color: #000000;\"><span style=\"font-size: medium;\">Correspondentes, peritos, pareceristas, escrit\u00f3rios parceiros comerciais, auditores, contadores, bem como outros prestadores de servi\u00e7os contratados pelo LOBO E LIRA ADVOGADOS para ajudar a melhorar ou facilitar os servi\u00e7os do escrit\u00f3rio;<\/span><\/span><\/p><\/li><li><p align=\"justify\"><span style=\"color: #000000;\"><span style=\"font-size: medium;\">Organiza\u00e7\u00f5es n\u00e3o governamentais em caso de trabalhos <\/span><\/span><span style=\"color: #000000;\"><span style=\"font-size: medium;\"><i>pro bono<\/i><\/span><\/span><span style=\"color: #000000;\"><span style=\"font-size: medium;\">;<\/span><\/span><\/p><\/li><li><p align=\"justify\"><span style=\"color: #000000;\"><span style=\"font-size: medium;\">Publica\u00e7\u00f5es jur\u00eddicas nacionais ou internacionais;<\/span><\/span><\/p><\/li><li><p align=\"justify\"><span style=\"color: #000000;\"><span style=\"font-size: medium;\">\u00d3rg\u00e3os reguladores e demais autoridades administrativas e judiciais.<\/span><\/span><\/p><\/li><\/ul><p align=\"justify\"><span style=\"font-size: medium;\">Ressaltamos que de forma eventual e quando necess\u00e1rio ao estrito cumprimento de finalidade determinada, seus dados pessoais poder\u00e3o ser compartilhados com prestadores de servi\u00e7os no exterior, sem, contudo, haver em hip\u00f3tese alguma, comercializa\u00e7\u00e3o deles.<\/span><\/p><p align=\"justify\"><span style=\"font-size: medium;\">Em todas as hip\u00f3teses, o LOBO E LIRA ADVOGADOS se compromete a compartilhar estritamente os dados pessoais que se fizerem necess\u00e1rios ao cumprimento da respectiva finalidade ou atendimento da respectiva ordem espec\u00edfica, dentro das hip\u00f3teses legais, exigindo a aplica\u00e7\u00e3o das devidas salvaguardas, conforme o caso.<\/span><\/p><p><span style=\"color: #000000;\"> <\/span><\/p><table width=\"567\" cellspacing=\"0\" cellpadding=\"7\"><colgroup> <col width=\"551\"><\/colgroup><tbody><tr><td valign=\"top\" width=\"551\"><span style=\"color: #000000;\"><span style=\"font-size: medium;\"><b>6. DIREITOS DOS TITULARES<\/b><\/span><\/span><\/td><\/tr><\/tbody><\/table><p align=\"justify\"><span style=\"font-size: medium;\">Nos termos do artigo 18 da Lei Geral de Prote\u00e7\u00e3o de Dados Pessoais, o Titular poder\u00e1, de maneira gratuita e a qualquer tempo:<\/span><\/p><dl><dd><table width=\"350\" cellspacing=\"0\" cellpadding=\"7\"><colgroup> <col width=\"334\"><\/colgroup><tbody><tr><td width=\"334\"><p align=\"center\"><span style=\"font-size: medium;\">Confirma\u00e7\u00e3o da Exist\u00eancia<\/span><\/p><\/td><\/tr><tr><td width=\"334\"><p align=\"center\"><span style=\"font-size: medium;\">Acesso aos Dados<\/span><\/p><\/td><\/tr><tr><td width=\"334\"><p align=\"center\"><span style=\"font-size: medium;\">Corre\u00e7\u00e3o de Dados incompletos, inexatos ou desatualizados<\/span><\/p><\/td><\/tr><tr><td width=\"334\"><p align=\"center\"><span style=\"font-size: medium;\">Anonimiza\u00e7\u00e3o, bloqueio ou elimina\u00e7\u00e3o de dados desnecess\u00e1rios, excessivos ou tratados em desconformidade \u00e0 LGPD<\/span><\/p><\/td><\/tr><tr><td width=\"334\"><p align=\"center\"><span style=\"font-size: medium;\">Portabilidade dos Dados<\/span><\/p><\/td><\/tr><tr><td width=\"334\"><p align=\"center\"><span style=\"font-size: medium;\">Elimina\u00e7\u00e3o dos Dados tratados com o consentimento<\/span><\/p><\/td><\/tr><tr><td width=\"334\"><p align=\"center\"><span style=\"font-size: medium;\">Revoga\u00e7\u00e3o do Consentimento<\/span><\/p><\/td><\/tr><tr><td width=\"334\"><p align=\"center\"><span style=\"font-size: medium;\">Oposi\u00e7\u00e3o ao Tratamento de Dados<\/span><\/p><\/td><\/tr><tr><td width=\"334\"><p align=\"center\"><span style=\"font-size: medium;\">Informa\u00e7\u00e3o ao Uso Compartilhado de Dados<\/span><\/p><\/td><\/tr><tr><td width=\"334\"><p align=\"center\"><span style=\"font-size: medium;\">Apresentar reclama\u00e7\u00f5es ou den\u00fancias perante o Controlador ou Autoridade Nacional de Prote\u00e7\u00e3o de Dados &#8211; \u201cANPD\u201d<\/span><\/p><\/td><\/tr><\/tbody><\/table><\/dd><\/dl><p align=\"justify\"><span style=\"font-size: medium;\">Os direitos ser\u00e3o exercidos mediante requerimento expresso do titular ou de representante legalmente constitu\u00eddo, a qualquer tempo e de modo gratuito. Para isso, solicitamos que o Titular entre em contato por meio do canal de atendimento do nosso Encarregado de Dados, conforme item 10 deste Aviso. <\/span><\/p><p align=\"justify\"><span style=\"font-size: medium;\">De forma a garantir a sua correta identifica\u00e7\u00e3o como Titular objeto da solicita\u00e7\u00e3o, solicitaremos documentos ou demais comprova\u00e7\u00f5es que possam comprovar sua identidade. Nesta hip\u00f3tese, informaremos previamente. <\/span><\/p><p align=\"justify\"><span style=\"font-size: medium;\">Frisamos ainda que as solicita\u00e7\u00f5es poder\u00e3o ser rejeitadas, nos casos previstos no artigo 16 da LGPD, por motivos legais dispostos em outras leis vigentes ou por impossibilidade de comprova\u00e7\u00e3o da identidade ou poderes de representa\u00e7\u00e3o do solicitante.<\/span><\/p><table width=\"567\" cellspacing=\"0\" cellpadding=\"7\"><colgroup> <col width=\"551\"><\/colgroup><tbody><tr><td valign=\"top\" width=\"551\"><span style=\"color: #000000;\"><span style=\"font-size: medium;\"><b>7. DEVERES DOS TITULARES<\/b><\/span><\/span><\/td><\/tr><\/tbody><\/table><p align=\"justify\"><span style=\"font-size: medium;\">O Titular \u00e9 respons\u00e1vel pela veracidade, exatid\u00e3o e confirma\u00e7\u00e3o dos dados pessoais, incluindo dados pessoais sens\u00edveis, por ele informados ao LOBO E LIRA ADVOGADOS por qualquer meio.<\/span><\/p><p align=\"justify\"><span style=\"font-size: medium;\">O LOBO E LIRA ADVOGADOS n\u00e3o se responsabiliza por eventuais viola\u00e7\u00f5es \u00e0 Privacidade e \u00e0 Prote\u00e7\u00e3o dos Dados Pessoais por a\u00e7\u00e3o ou omiss\u00e3o do pr\u00f3prio Titular.<\/span><\/p><p align=\"justify\"><span style=\"font-size: medium;\">O Titular \u00e9 respons\u00e1vel por adotar em seus dispositivos, todas as medidas de seguran\u00e7a necess\u00e1rias, de modo que o escrit\u00f3rio n\u00e3o se responsabiliza por eventuais viola\u00e7\u00f5es \u00e0 Privacidade e \u00e0 Prote\u00e7\u00e3o de Dados Pessoais do Titular, se decorrentes desta falta de dilig\u00eancia.<\/span><\/p><p><span style=\"color: #000000;\"> <\/span><\/p><table width=\"567\" cellspacing=\"0\" cellpadding=\"7\"><colgroup> <col width=\"551\"><\/colgroup><tbody><tr><td valign=\"top\" width=\"551\"><span style=\"color: #000000;\"><span style=\"font-size: medium;\"><b>8. ARMAZENAMENTO DOS DADOS PESSOAIS<\/b><\/span><\/span><\/td><\/tr><\/tbody><\/table><p align=\"justify\"><span style=\"font-size: medium;\">Os dados pessoais coletados pelo LOBO E LIRA ADVOGADOS ser\u00e3o utilizados e armazenados para a presta\u00e7\u00e3o de servi\u00e7o ou para as finalidades apresentadas no presente Aviso, considerando os direitos dos titulares.<\/span><\/p><p align=\"justify\"><span style=\"font-size: medium;\">O escrit\u00f3rio adota medidas adequadas e razo\u00e1veis de seguran\u00e7a e organizacionais para preservar todos os dados pessoais que s\u00e3o coletados e tratados pelo escrit\u00f3rio.<\/span><\/p><p align=\"justify\"><span style=\"font-size: medium;\">Os dados pessoais coletados ser\u00e3o exclu\u00eddos dos nossos sistemas quando n\u00e3o forem mais necess\u00e1rios para a finalidade pela qual foram obtidos, salvo se necess\u00e1rio para cumprimento de obriga\u00e7\u00e3o legal ou regulat\u00f3ria de acordo com a legisla\u00e7\u00e3o aplic\u00e1vel, como o caso da Lei n\u00ba 13.709\/2018 e para o exerc\u00edcio de direito em processos judiciais ou administrativos, ou, de outra forma, para o resguardo de interesses de nossos clientes ou do pr\u00f3prio escrit\u00f3rio.<\/span><\/p><p align=\"justify\"><span style=\"font-size: medium;\">Para saber mais informa\u00e7\u00f5es sobre o per\u00edodo de reten\u00e7\u00e3o de um dado pessoal espec\u00edfico voc\u00ea pode entrar em contato atrav\u00e9s do e-mail<\/span><span style=\"font-size: medium;\">: <\/span><span style=\"color: #0563c1;\"><u><a href=\"mailto:dpo.loboelira@tsradvogados.adv.br\"><span style=\"font-size: medium;\">dpo.loboelira@tsradvogados.adv.br<\/span><\/a><\/u><\/span><\/p><table width=\"567\" cellspacing=\"0\" cellpadding=\"7\"><colgroup> <col width=\"551\"><\/colgroup><tbody><tr><td valign=\"top\" width=\"551\"><span style=\"color: #000000;\"><span style=\"font-size: medium;\"><b>9. MEDIDAS DE SEGURAN\u00c7A<\/b><\/span><\/span><\/td><\/tr><\/tbody><\/table><p align=\"justify\"><span style=\"font-size: medium;\">O LOBO E LIRA ADVOGADOS observa os padr\u00f5es de seguran\u00e7a necess\u00e1rios \u00e0 preven\u00e7\u00e3o e remedia\u00e7\u00e3o do acesso desautorizado aos dados pessoais, empregando os meios aplic\u00e1veis e padr\u00f5es de seguran\u00e7a recomendados para proteg\u00ea-los, na medida em que forem t\u00e9cnica e operacionalmente vi\u00e1veis.<\/span><\/p><p align=\"justify\"><span style=\"font-size: medium;\">Para a garantia da seguran\u00e7a, ser\u00e3o adotadas solu\u00e7\u00f5es que levem em considera\u00e7\u00e3o: as t\u00e9cnicas adequadas, os custos de aplica\u00e7\u00e3o, a natureza, o \u00e2mbito, o contexto e as finalidades do tratamento, bem como os riscos para os direitos e liberdades do usu\u00e1rio.<\/span><\/p><p align=\"justify\"><span style=\"font-size: medium;\">Por\u00e9m, nenhum m\u00e9todo de armazenamento \u00e9 absolutamente seguro e livre de riscos e por isso, apesar de todos os nossos protocolos de seguran\u00e7a, podem ocorrer problemas ocasionados exclusivamente por terceiros, falhas t\u00e9cnicas, ataques cibern\u00e9ticos, v\u00edrus ou em decorr\u00eancia da neglig\u00eancia ou imprud\u00eancia do pr\u00f3prio titular.<\/span><\/p><p align=\"justify\"><span style=\"font-size: medium;\">Na hip\u00f3tese de ocorr\u00eancia de incidentes de seguran\u00e7a que possam gerar riscos ou danos ao Titular, tomaremos as provid\u00eancias para remediar as consequ\u00eancias do fato, comunicaremos aos afetados e \u00e0 Autoridade Nacional de Prote\u00e7\u00e3o de Dados sobre o ocorrido, em conson\u00e2ncia com as disposi\u00e7\u00f5es da Lei Geral de Prote\u00e7\u00e3o de Dados.<\/span><\/p><table width=\"567\" cellspacing=\"0\" cellpadding=\"7\"><colgroup> <col width=\"551\"><\/colgroup><tbody><tr><td valign=\"top\" width=\"551\"><span style=\"color: #000000;\"><span style=\"font-size: medium;\"><b>10. CANAL DE ATENDIMENTO DO ENCARREGADO<\/b><\/span><\/span><\/td><\/tr><\/tbody><\/table><p align=\"justify\"><span style=\"font-size: medium;\">Disponibilizamos o seguinte canal de atendimento para tratar de assuntos relativos as direito dos titulares: <\/span><span style=\"color: #0563c1;\"><u><a href=\"mailto:dpo.loboelira@tsradvogados.adv.br\"><span style=\"font-size: medium;\">dpo.loboelira@tsradvogados.adv.br<\/span><\/a><\/u><\/span><\/p><p align=\"justify\"><span style=\"font-size: medium;\">Para diminuir o risco de que outra pessoa fa\u00e7a solicita\u00e7\u00f5es em seu nome sem autoriza\u00e7\u00e3o legal, solicitaremos alguns dados para nos certificarmos da sua identidade.<\/span><\/p><p><span style=\"color: #000000;\"> <\/span><\/p><table width=\"567\" cellspacing=\"0\" cellpadding=\"7\"><colgroup> <col width=\"551\"><\/colgroup><tbody><tr><td valign=\"top\" width=\"551\"><span style=\"color: #000000;\"><span style=\"font-size: medium;\"><b>11. ALTERA\u00c7\u00c3O DESTE AVISO DE PRIVACIDADE<\/b><\/span><\/span><\/td><\/tr><\/tbody><\/table><p align=\"justify\"><span style=\"color: #000000;\"><span style=\"font-size: medium;\">O presente Aviso \u00e9 de exclusiva responsabilidade do LOBO E LIRA ADVOGADOS e pode ser alterado ou modificado a qualquer tempo, desde que haja necessidade de novas reestrutura\u00e7\u00f5es ou adapta\u00e7\u00f5es a t\u00e9cnicas e procedimentos mais modernos, sempre mantendo-se o grau de confiabilidade e seguran\u00e7a.<\/span><\/span><\/p><p align=\"justify\"><span style=\"color: #000000;\"><span style=\"font-size: medium;\">Por isso, \u00e9 importante que voc\u00ea consulte o documento regularmente para verificar se continua concordando com seus termos antes de seguir com a navega\u00e7\u00e3o ou com o preenchimento de algum recurso do nosso website.<\/span><\/span><\/p><table width=\"576\" cellspacing=\"0\" cellpadding=\"7\"><colgroup> <col width=\"60\"> <col width=\"78\"> <col width=\"197\"> <col width=\"183\"><\/colgroup><tbody><tr><td colspan=\"4\" valign=\"top\" width=\"560\"><p align=\"center\"><span style=\"font-size: medium;\"><b>CONTROLE DE A\u00c7\u00d5ES<\/b><\/span><\/p><\/td><\/tr><tr valign=\"top\"><td width=\"60\"><p align=\"justify\"><span style=\"font-size: medium;\"><b>A\u00e7\u00e3o<\/b><\/span><\/p><\/td><td width=\"78\"><p align=\"justify\"><span style=\"font-size: medium;\"><b>Data<\/b><\/span><\/p><\/td><td width=\"197\"><p align=\"justify\"><span style=\"font-size: medium;\"><b>Descri\u00e7\u00e3o<\/b><\/span><\/p><\/td><td width=\"183\"><p align=\"justify\"><span style=\"font-size: medium;\"><b>Realizado por:<\/b><\/span><\/p><\/td><\/tr><tr valign=\"top\"><td width=\"60\"><p align=\"justify\"><span style=\"font-size: medium;\">1.0<\/span><\/p><\/td><td width=\"78\"><p align=\"justify\"><span style=\"font-size: medium;\">11\/08\/2022<\/span><\/p><\/td><td width=\"197\"><span style=\"font-size: medium;\">Elabora\u00e7\u00e3o do documento.<\/span><\/td><td width=\"183\"><p align=\"justify\"><span style=\"font-size: medium;\">Terra Rocha Advogados.<\/span><\/p><\/td><\/tr><\/tbody><\/table><table width=\"378\" cellspacing=\"0\" cellpadding=\"7\"><colgroup> <col width=\"155\"> <col width=\"193\"><\/colgroup><tbody><tr valign=\"top\"><td width=\"155\"><p align=\"justify\"><span style=\"font-size: medium;\"><b>Classifica\u00e7\u00e3o da Informa\u00e7\u00e3o<\/b><\/span><\/p><\/td><td width=\"193\"><p align=\"justify\"><span style=\"font-size: medium;\">Documento externo elaborado para o Lobo &amp; Lira Advogados.<\/span><\/p><\/td><\/tr><\/tbody><\/table>\t\t\t\t\t\t\t\t<\/div>\n\t\t\t\t<\/div>\n\t\t\t\t\t<\/details>\n\t\t\t\t\t\t<details id=\"e-n-accordion-item-2631\" class=\"e-n-accordion-item\" >\n\t\t\t\t<summary class=\"e-n-accordion-item-title\" data-accordion-index=\"2\" tabindex=\"-1\" aria-expanded=\"false\" aria-controls=\"e-n-accordion-item-2631\" >\n\t\t\t\t\t<span class='e-n-accordion-item-title-header'><div class=\"e-n-accordion-item-title-text\"> ENCARREGADO DE DADOS \u2013 DPO <\/div><\/span>\n\t\t\t\t\t\t\t<span class='e-n-accordion-item-title-icon'>\n\t\t\t<span class='e-opened' ><svg aria-hidden=\"true\" class=\"e-font-icon-svg e-fas-minus\" viewBox=\"0 0 448 512\" xmlns=\"http:\/\/www.w3.org\/2000\/svg\"><path d=\"M416 208H32c-17.67 0-32 14.33-32 32v32c0 17.67 14.33 32 32 32h384c17.67 0 32-14.33 32-32v-32c0-17.67-14.33-32-32-32z\"><\/path><\/svg><\/span>\n\t\t\t<span class='e-closed'><svg aria-hidden=\"true\" class=\"e-font-icon-svg e-fas-plus\" viewBox=\"0 0 448 512\" xmlns=\"http:\/\/www.w3.org\/2000\/svg\"><path d=\"M416 208H272V64c0-17.67-14.33-32-32-32h-32c-17.67 0-32 14.33-32 32v144H32c-17.67 0-32 14.33-32 32v32c0 17.67 14.33 32 32 32h144v144c0 17.67 14.33 32 32 32h32c17.67 0 32-14.33 32-32V304h144c17.67 0 32-14.33 32-32v-32c0-17.67-14.33-32-32-32z\"><\/path><\/svg><\/span>\n\t\t<\/span>\n\n\t\t\t\t\t\t<\/summary>\n\t\t\t\t<div role=\"region\" aria-labelledby=\"e-n-accordion-item-2631\" class=\"elementor-element elementor-element-9cfbe65 e-con-full e-flex e-con e-child\" data-id=\"9cfbe65\" data-element_type=\"container\" data-e-type=\"container\">\n\t\t\t\t<div class=\"elementor-element elementor-element-19ea0e9 elementor-widget elementor-widget-text-editor\" data-id=\"19ea0e9\" data-element_type=\"widget\" data-e-type=\"widget\" data-widget_type=\"text-editor.default\">\n\t\t\t\t\t\t\t\t\t<p>Visando ao atendimento das disposi\u00e7\u00f5es da Lei Federal n\u00ba 13.190\/18 \u2013 Lei Geral de Prote\u00e7\u00e3o de dados \u2013 LGPD, nomeamos um Encarregado de Dados \u201cDPO\u201d nos termos do art. 41 da LGPD para atender as solicita\u00e7\u00f5es sobre dados pessoais:<\/p><p><strong>Nome:<\/strong> <br>Terra Rocha Advogados<\/p><p><strong>Contato:<br><\/strong><a href=\"mailto:dpo.loboelira@tsradvogados.adv.br\">dpo.loboelira@tsradvogados.adv.br<\/a><\/p>\t\t\t\t\t\t\t\t<\/div>\n\t\t\t\t<\/div>\n\t\t\t\t\t<\/details>\n\t\t\t\t\t\t<details id=\"e-n-accordion-item-2632\" class=\"e-n-accordion-item\" >\n\t\t\t\t<summary class=\"e-n-accordion-item-title\" data-accordion-index=\"3\" tabindex=\"-1\" aria-expanded=\"false\" aria-controls=\"e-n-accordion-item-2632\" >\n\t\t\t\t\t<span class='e-n-accordion-item-title-header'><div class=\"e-n-accordion-item-title-text\"> AVISO DE COOKIES <\/div><\/span>\n\t\t\t\t\t\t\t<span class='e-n-accordion-item-title-icon'>\n\t\t\t<span class='e-opened' ><svg aria-hidden=\"true\" class=\"e-font-icon-svg e-fas-minus\" viewBox=\"0 0 448 512\" xmlns=\"http:\/\/www.w3.org\/2000\/svg\"><path d=\"M416 208H32c-17.67 0-32 14.33-32 32v32c0 17.67 14.33 32 32 32h384c17.67 0 32-14.33 32-32v-32c0-17.67-14.33-32-32-32z\"><\/path><\/svg><\/span>\n\t\t\t<span class='e-closed'><svg aria-hidden=\"true\" class=\"e-font-icon-svg e-fas-plus\" viewBox=\"0 0 448 512\" xmlns=\"http:\/\/www.w3.org\/2000\/svg\"><path d=\"M416 208H272V64c0-17.67-14.33-32-32-32h-32c-17.67 0-32 14.33-32 32v144H32c-17.67 0-32 14.33-32 32v32c0 17.67 14.33 32 32 32h144v144c0 17.67 14.33 32 32 32h32c17.67 0 32-14.33 32-32V304h144c17.67 0 32-14.33 32-32v-32c0-17.67-14.33-32-32-32z\"><\/path><\/svg><\/span>\n\t\t<\/span>\n\n\t\t\t\t\t\t<\/summary>\n\t\t\t\t<div role=\"region\" aria-labelledby=\"e-n-accordion-item-2632\" class=\"elementor-element elementor-element-b01e9ec e-con-full e-flex e-con e-child\" data-id=\"b01e9ec\" data-element_type=\"container\" data-e-type=\"container\">\n\t\t\t\t<div class=\"elementor-element elementor-element-ee6048d elementor-widget elementor-widget-text-editor\" data-id=\"ee6048d\" data-element_type=\"widget\" data-e-type=\"widget\" data-widget_type=\"text-editor.default\">\n\t\t\t\t\t\t\t\t\t<p>O presente Aviso de Cookies \u00e9 um documento complementar ao Aviso de Privacidade apresentado no website do LOBO E LIRA ADVOGADOS.<\/p><p>Cookies s\u00e3o pequenos arquivos de texto ou fragmentos de informa\u00e7\u00e3o que s\u00e3o baixados em seu computador, smartphone ou qualquer outro dispositivo com acesso \u00e0 internet quando voc\u00ea visita um website.<\/p><p>Abaixo listamos os Cookies que podem ser utilizados pelo nosso website:<\/p><p><strong>Cookies colocados da aplica\u00e7\u00e3o:<\/strong><\/p><ul><li>WordPress<\/li><li>Plug-ins<\/li><\/ul><p> <\/p><p>Ressaltamos que o conte\u00fado do site n\u00e3o cont\u00e9m plug-ins e que este website n\u00e3o utiliza outros cookies al\u00e9m dos indicamos acima, que s\u00e3o necess\u00e1rios, entretanto, voc\u00ea pode encontrar links para ambientes externos cujas pol\u00edticas de privacidade n\u00e3o s\u00e3o de responsabilidade do LOBO E LIRA ADVOGADOS.<\/p><p>Para n\u00f3s a privacidade e confian\u00e7a s\u00e3o fundamentais para a nossa rela\u00e7\u00e3o com voc\u00ea. Estamos sempre nos atualizando para manter os mais altos padr\u00f5es de seguran\u00e7a. <\/p><p>Assim, reservamo-nos o direito de alterar este Aviso de Cookies a qualquer tempo. As mudan\u00e7as entrar\u00e3o em vigor logo ap\u00f3s a publica\u00e7\u00e3o. <\/p><p>Ao continuar a navega\u00e7\u00e3o nas nossas aplica\u00e7\u00f5es ap\u00f3s as eventuais mudan\u00e7as se tornarem eficazes, voc\u00ea concorda com elas. Aconselhamos que voc\u00ea sempre verifique este Aviso, bem como o Aviso de Privacidade do site. <\/p><p>Em caso de d\u00favidas sobre este Aviso de Cookies, entre em contato conosco pelos seguintes meios:<\/p><p><strong>Meio de contato:<br><\/strong><a href=\"mailto:dpo.loboelira@tsradvogados.adv.br\">dpo.loboelira@tsradvogados.adv.br<\/a><\/p><p>Este Aviso de Cookies foi atualizada pela \u00faltima vez: 11\/08\/2022.<\/p>\t\t\t\t\t\t\t\t<\/div>\n\t\t\t\t<\/div>\n\t\t\t\t\t<\/details>\n\t\t\t\t\t<\/div>\n\t\t\t\t\t\t<\/div>\n\t\t\t\t<\/div>\n\t\t\t\t\t<\/div>\n\t\t\t\t<\/div>\n\t\t<div class=\"elementor-element elementor-element-59ef4f75 e-flex e-con-boxed e-con e-parent\" data-id=\"59ef4f75\" data-element_type=\"container\" data-e-type=\"container\">\n\t\t\t\t\t<div class=\"e-con-inner\">\n\t\t\t\t<div class=\"elementor-element elementor-element-50046efc elementor-widget-divider--view-line elementor-widget elementor-widget-divider\" data-id=\"50046efc\" data-element_type=\"widget\" data-e-type=\"widget\" data-widget_type=\"divider.default\">\n\t\t\t\t\t\t\t<div class=\"elementor-divider\">\n\t\t\t<span class=\"elementor-divider-separator\">\n\t\t\t\t\t\t<\/span>\n\t\t<\/div>\n\t\t\t\t\t\t<\/div>\n\t\t\t\t\t<\/div>\n\t\t\t\t<\/div>\n\t\t\t\t<\/div>\n\t\t","protected":false},"excerpt":{"rendered":"<p>CONTACT Contact Us Reporting Channel Send your r\u00e9sum\u00e9 LGPD LINKEDIN AVISO DE PRIVACIDADE 1. INFORMA\u00c7\u00d5ES GERAIS O escrit\u00f3rio LOBO E LIRA ADVOGADOS tem o compromisso de respeitar e resguardar a privacidade e os dados pessoais daqueles com que se relaciona, observando os termos da Lei n\u00ba 13.709\/2018 &#8211; Lei Geral de Prote\u00e7\u00e3o de Dados Pessoais [&hellip;]<\/p>\n","protected":false},"author":1,"featured_media":0,"parent":0,"menu_order":0,"comment_status":"closed","ping_status":"closed","template":"elementor_header_footer","meta":{"footnotes":"","_links_to":"","_links_to_target":""},"class_list":["post-1556","page","type-page","status-publish","hentry"],"_links":{"self":[{"href":"https:\/\/loboelira.com.br\/en\/wp-json\/wp\/v2\/pages\/1556","targetHints":{"allow":["GET"]}}],"collection":[{"href":"https:\/\/loboelira.com.br\/en\/wp-json\/wp\/v2\/pages"}],"about":[{"href":"https:\/\/loboelira.com.br\/en\/wp-json\/wp\/v2\/types\/page"}],"author":[{"embeddable":true,"href":"https:\/\/loboelira.com.br\/en\/wp-json\/wp\/v2\/users\/1"}],"replies":[{"embeddable":true,"href":"https:\/\/loboelira.com.br\/en\/wp-json\/wp\/v2\/comments?post=1556"}],"version-history":[{"count":1,"href":"https:\/\/loboelira.com.br\/en\/wp-json\/wp\/v2\/pages\/1556\/revisions"}],"predecessor-version":[{"id":1557,"href":"https:\/\/loboelira.com.br\/en\/wp-json\/wp\/v2\/pages\/1556\/revisions\/1557"}],"wp:attachment":[{"href":"https:\/\/loboelira.com.br\/en\/wp-json\/wp\/v2\/media?parent=1556"}],"curies":[{"name":"wp","href":"https:\/\/api.w.org\/{rel}","templated":true}]}}